{"id":8,"date":"2018-12-11T06:45:20","date_gmt":"2018-12-11T06:45:20","guid":{"rendered":"https:\/\/elearni.local\/?page_id=8"},"modified":"2022-09-16T16:29:02","modified_gmt":"2022-09-16T16:29:02","slug":"home","status":"publish","type":"page","link":"https:\/\/educarfuturo.com\/formacion\/","title":{"rendered":"Home"},"content":{"rendered":"<p>[vc_row][vc_column el_align=\u00bbcenter\u00bb css_animation=\u00bbfadeIn\u00bb delay=\u00bb150&#8243; el_class=\u00bbaligncenter\u00bb]<div id=\"1544088596806-9f29dce6-c65f\" class=\"dt-sc-empty-space\"><\/div>[\/vc_column][\/vc_row][vc_row][vc_column width=\u00bb1\/2&#8243;]<h2 class=\"default-title align-center  wpb_animate_when_almost_visible wpb_appear appear\" data-delay='150'>Para Educar Futuro<\/h2>[vc_custom_heading text=\u00bbLa formaci\u00f3n y cualificaci\u00f3n docente\u00bb font_container=\u00bbtag:p|text_align:left\u00bb use_theme_fonts=\u00bbyes\u00bb css_animation=\u00bbappear\u00bb el_class=\u00bbtitle_uppercase\u00bb][vc_empty_space][vc_column_text]Es un reto permanente a trav\u00e9s del cual se busca orientar y explorar diversas estrategias metodol\u00f3gicas y did\u00e1cticas que permitan potenciar y acompa\u00f1ar la pr\u00e1ctica pedag\u00f3gica, a partir del dialogo de saberes y de la reflexi\u00f3n constante sobre las realidades que se vive en los diferentes contextos educativos a nivel nacional e internacional.[\/vc_column_text]<div id=\"1545642487591-b6d228f5-958a\" class=\"dt-sc-empty-space\"><\/div>[\/vc_column][vc_column width=\u00bb1\/2&#8243;][vc_single_image image=\u00bb21103&#8243; img_size=\u00bblarge\u00bb alignment=\u00bbcenter\u00bb style=\u00bbvc_box_shadow_3d\u00bb css_animation=\u00bbflipInX\u00bb]<div id=\"1662913350494-f4503a9a-0952\" class=\"dt-sc-empty-space\"><\/div>[\/vc_column][\/vc_row][vc_row full_width=\u00bbstretch_row\u00bb bg_type=\u00bbimage\u00bb parallax_style=\u00bbvcpb-default\u00bb bg_image_new=\u00bbid^19534|url^https:\/\/educarfuturo.com\/formacion\/wp-content\/uploads\/2019\/02\/group-image.jpg|caption^null|alt^null|title^group-image|description^null\u00bb bg_image_repeat=\u00bbno-repeat\u00bb el_class=\u00bbdt-sc-dark-bg\u00bb css=\u00bb.vc_custom_1650913787896{background-image: url(https:\/\/educarfuturo.com\/formacion\/wp-content\/uploads\/2022\/04\/home-2.jpg?id=20241) !important;background-position: center !important;background-repeat: no-repeat !important;background-size: cover !important;}\u00bb][vc_column css_animation=\u00bbfadeInUp\u00bb el_class=\u00bbaligncenter\u00bb]<div id=\"1544169545700-5a4d07e5-e269\" class=\"dt-sc-empty-space\"><\/div><h2 class=\"default-title align-center  wpb_animate_when_almost_visible wpb_appear appear\" data-delay='150'>Por qu\u00e9 preparate<\/h2>[vc_custom_heading text=\u00bbcon estos diplomados, cursos y seminarios\u00bb font_container=\u00bbtag:p|text_align:left\u00bb use_theme_fonts=\u00bbyes\u00bb css_animation=\u00bbappear\u00bb el_class=\u00bbtitle_uppercase\u00bb]<div id=\"1658823310885-bc071909-4c7d\" class=\"dt-sc-empty-space\"><\/div>[\/vc_column][\/vc_row][vc_row full_width=\u00bbstretch_row\u00bb bg_type=\u00bbimage\u00bb parallax_style=\u00bbvcpb-fs-jquery\u00bb layer_image=\u00bb18355,18354&#8243; parallax_sense=\u00bb60&#8243; css=\u00bb.vc_custom_1650923221165{background-color: #fafafa !important;background-position: 0 0 !important;background-repeat: no-repeat !important;}\u00bb el_class=\u00bbfw4 mouse-hover-animation\u00bb][vc_column css_animation=\u00bbfadeInUp\u00bb][vc_row_inner el_class=\u00bbimage-caption-section\u00bb][vc_column_inner width=\u00bb1\/3&#8243;]<div class='dt-sc-image-caption   wpb_animate_when_almost_visible wpb_rotateInUpLeft rotateInUpLeft default' data-delay='600'><div class='dt-sc-image-wrapper'><img width=\"2560\" height=\"1707\" src=\"https:\/\/educarfuturo.com\/formacion\/wp-content\/uploads\/2022\/04\/jenny-ueberberg-BaSeK7rwc1A-unsplash-scaled.jpg\" class=\"attachment-full\" alt=\"\" loading=\"lazy\" title=\"jenny-ueberberg-BaSeK7rwc1A-unsplash\" srcset=\"https:\/\/educarfuturo.com\/formacion\/wp-content\/uploads\/2022\/04\/jenny-ueberberg-BaSeK7rwc1A-unsplash-scaled.jpg 2560w, https:\/\/educarfuturo.com\/formacion\/wp-content\/uploads\/2022\/04\/jenny-ueberberg-BaSeK7rwc1A-unsplash-300x200.jpg 300w, https:\/\/educarfuturo.com\/formacion\/wp-content\/uploads\/2022\/04\/jenny-ueberberg-BaSeK7rwc1A-unsplash-1024x683.jpg 1024w, https:\/\/educarfuturo.com\/formacion\/wp-content\/uploads\/2022\/04\/jenny-ueberberg-BaSeK7rwc1A-unsplash-768x512.jpg 768w, https:\/\/educarfuturo.com\/formacion\/wp-content\/uploads\/2022\/04\/jenny-ueberberg-BaSeK7rwc1A-unsplash-1536x1024.jpg 1536w, https:\/\/educarfuturo.com\/formacion\/wp-content\/uploads\/2022\/04\/jenny-ueberberg-BaSeK7rwc1A-unsplash-2048x1365.jpg 2048w, https:\/\/educarfuturo.com\/formacion\/wp-content\/uploads\/2022\/04\/jenny-ueberberg-BaSeK7rwc1A-unsplash-960x640.jpg 960w, https:\/\/educarfuturo.com\/formacion\/wp-content\/uploads\/2022\/04\/jenny-ueberberg-BaSeK7rwc1A-unsplash-750x500.jpg 750w, https:\/\/educarfuturo.com\/formacion\/wp-content\/uploads\/2022\/04\/jenny-ueberberg-BaSeK7rwc1A-unsplash-570x380.jpg 570w, https:\/\/educarfuturo.com\/formacion\/wp-content\/uploads\/2022\/04\/jenny-ueberberg-BaSeK7rwc1A-unsplash-600x400.jpg 600w, https:\/\/educarfuturo.com\/formacion\/wp-content\/uploads\/2022\/04\/jenny-ueberberg-BaSeK7rwc1A-unsplash-540x360.jpg 540w, https:\/\/educarfuturo.com\/formacion\/wp-content\/uploads\/2022\/04\/jenny-ueberberg-BaSeK7rwc1A-unsplash-1000x667.jpg 1000w\" sizes=\"(max-width: 2560px) 100vw, 2560px\" \/><\/div><div class='dt-sc-image-content'><div class='dt-sc-image-title'><h3>Beneficio 1<\/h3><\/div><p>Fortalecer las competencias profesionales para afrontar los principales retos educativos que demanda el retorno a la presencialidad, incrementando el uso de las TIC y acercando la educaci\u00f3n a las nuevas generaciones de nativos digitales.<\/p><\/div><\/div>[\/vc_column_inner][vc_column_inner width=\u00bb1\/3&#8243;]<div class='dt-sc-image-caption   wpb_animate_when_almost_visible wpb_rotateInUpRight rotateInUpRight default' data-delay='700'><div class='dt-sc-image-wrapper'><img width=\"2560\" height=\"1707\" src=\"https:\/\/educarfuturo.com\/formacion\/wp-content\/uploads\/2022\/04\/lagos-techie-IgUR1iX0mqM-unsplash-scaled.jpg\" class=\"attachment-full\" alt=\"\" loading=\"lazy\" title=\"lagos-techie-IgUR1iX0mqM-unsplash\" srcset=\"https:\/\/educarfuturo.com\/formacion\/wp-content\/uploads\/2022\/04\/lagos-techie-IgUR1iX0mqM-unsplash-scaled.jpg 2560w, https:\/\/educarfuturo.com\/formacion\/wp-content\/uploads\/2022\/04\/lagos-techie-IgUR1iX0mqM-unsplash-300x200.jpg 300w, https:\/\/educarfuturo.com\/formacion\/wp-content\/uploads\/2022\/04\/lagos-techie-IgUR1iX0mqM-unsplash-1024x683.jpg 1024w, https:\/\/educarfuturo.com\/formacion\/wp-content\/uploads\/2022\/04\/lagos-techie-IgUR1iX0mqM-unsplash-768x512.jpg 768w, https:\/\/educarfuturo.com\/formacion\/wp-content\/uploads\/2022\/04\/lagos-techie-IgUR1iX0mqM-unsplash-1536x1024.jpg 1536w, https:\/\/educarfuturo.com\/formacion\/wp-content\/uploads\/2022\/04\/lagos-techie-IgUR1iX0mqM-unsplash-2048x1365.jpg 2048w, https:\/\/educarfuturo.com\/formacion\/wp-content\/uploads\/2022\/04\/lagos-techie-IgUR1iX0mqM-unsplash-960x640.jpg 960w, https:\/\/educarfuturo.com\/formacion\/wp-content\/uploads\/2022\/04\/lagos-techie-IgUR1iX0mqM-unsplash-750x500.jpg 750w, https:\/\/educarfuturo.com\/formacion\/wp-content\/uploads\/2022\/04\/lagos-techie-IgUR1iX0mqM-unsplash-570x380.jpg 570w, https:\/\/educarfuturo.com\/formacion\/wp-content\/uploads\/2022\/04\/lagos-techie-IgUR1iX0mqM-unsplash-600x400.jpg 600w, https:\/\/educarfuturo.com\/formacion\/wp-content\/uploads\/2022\/04\/lagos-techie-IgUR1iX0mqM-unsplash-540x360.jpg 540w, https:\/\/educarfuturo.com\/formacion\/wp-content\/uploads\/2022\/04\/lagos-techie-IgUR1iX0mqM-unsplash-1000x667.jpg 1000w\" sizes=\"(max-width: 2560px) 100vw, 2560px\" \/><\/div><div class='dt-sc-image-content'><div class='dt-sc-image-title'><h3>Beneficio 2<\/h3><\/div><p>Afianzar los procesos que orientan la convivencia en contextos cada vez m\u00e1s diversos e interculturales, fomentando la inclusividad, mitigando la violencia escolar y promoviendo la vinculaci\u00f3n de los establecimientos educativos a estrategias de construcci\u00f3n de ciudadan\u00eda arm\u00f3nica que se adelanten en la regi\u00f3n.<\/p><\/div><\/div>[\/vc_column_inner][vc_column_inner width=\u00bb1\/3&#8243;]<div class='dt-sc-image-caption   wpb_animate_when_almost_visible wpb_rotateInDownRight rotateInDownRight default' data-delay='800'><div class='dt-sc-image-wrapper'><img width=\"2560\" height=\"1707\" src=\"https:\/\/educarfuturo.com\/formacion\/wp-content\/uploads\/2022\/04\/mira-kireeva-xTq26wLo5do-unsplash-scaled.jpg\" class=\"attachment-full\" alt=\"\" loading=\"lazy\" title=\"mira-kireeva-xTq26wLo5do-unsplash\" srcset=\"https:\/\/educarfuturo.com\/formacion\/wp-content\/uploads\/2022\/04\/mira-kireeva-xTq26wLo5do-unsplash-scaled.jpg 2560w, https:\/\/educarfuturo.com\/formacion\/wp-content\/uploads\/2022\/04\/mira-kireeva-xTq26wLo5do-unsplash-300x200.jpg 300w, https:\/\/educarfuturo.com\/formacion\/wp-content\/uploads\/2022\/04\/mira-kireeva-xTq26wLo5do-unsplash-1024x683.jpg 1024w, https:\/\/educarfuturo.com\/formacion\/wp-content\/uploads\/2022\/04\/mira-kireeva-xTq26wLo5do-unsplash-768x512.jpg 768w, https:\/\/educarfuturo.com\/formacion\/wp-content\/uploads\/2022\/04\/mira-kireeva-xTq26wLo5do-unsplash-1536x1024.jpg 1536w, https:\/\/educarfuturo.com\/formacion\/wp-content\/uploads\/2022\/04\/mira-kireeva-xTq26wLo5do-unsplash-2048x1365.jpg 2048w, https:\/\/educarfuturo.com\/formacion\/wp-content\/uploads\/2022\/04\/mira-kireeva-xTq26wLo5do-unsplash-960x640.jpg 960w, https:\/\/educarfuturo.com\/formacion\/wp-content\/uploads\/2022\/04\/mira-kireeva-xTq26wLo5do-unsplash-750x500.jpg 750w, https:\/\/educarfuturo.com\/formacion\/wp-content\/uploads\/2022\/04\/mira-kireeva-xTq26wLo5do-unsplash-570x380.jpg 570w, https:\/\/educarfuturo.com\/formacion\/wp-content\/uploads\/2022\/04\/mira-kireeva-xTq26wLo5do-unsplash-600x400.jpg 600w, https:\/\/educarfuturo.com\/formacion\/wp-content\/uploads\/2022\/04\/mira-kireeva-xTq26wLo5do-unsplash-540x360.jpg 540w, https:\/\/educarfuturo.com\/formacion\/wp-content\/uploads\/2022\/04\/mira-kireeva-xTq26wLo5do-unsplash-1000x667.jpg 1000w\" sizes=\"(max-width: 2560px) 100vw, 2560px\" \/><\/div><div class='dt-sc-image-content'><div class='dt-sc-image-title'><h3>Beneficio 3<\/h3><\/div><p>Activar conocimientos previos, logrando actualizar y mejorar las estrategias, herramientas y recursos did\u00e1cticos para aplicarlos en ambientes h\u00edbridos con sus estudiantes de manera pr\u00e1ctica, integral y contextualizada.<\/p><\/div><\/div>[\/vc_column_inner][\/vc_row_inner]<div id=\"1544179491125-4d5ad457-863d\" class=\"dt-sc-empty-space\"><\/div><div id=\"1544179708769-28cebdc0-9ef7\" class=\"dt-sc-empty-space\"><\/div>[\/vc_column][\/vc_row][vc_row][vc_column el_align=\u00bbcenter\u00bb css_animation=\u00bbfadeIn\u00bb delay=\u00bb150&#8243; el_class=\u00bbaligncenter\u00bb]<div id=\"1651701986904-c22f85a3-8059\" class=\"dt-sc-empty-space\"><\/div><h2 class=\"default-title  wpb_animate_when_almost_visible wpb_appear appear\" data-delay='150'>Explora<\/h2>[vc_custom_heading text=\u00bbLos m\u00e1s populares\u00bb font_container=\u00bbtag:p|text_align:left\u00bb use_theme_fonts=\u00bbyes\u00bb css_animation=\u00bbappear\u00bb el_class=\u00bbtitle_uppercase\u00bb]<div id=\"1651701986989-e802fdf8-5055\" class=\"dt-sc-empty-space\"><\/div><div class=\"dtlms-courses-listing-holder grid  one-instructor-carousel\" data-postperpage=\"-1\" data-columns=\"3\" data-showauthordetails=\"false\" data-applyisotope=\"false\" data-enablecategoryisotopefilter=\"false\" data-disablefilters=\"true\" data-defaultfilter=\"\" data-defaultdisplaytype=\"grid\" data-courseitemids=\"\" data-coursecategoryids=\"\" data-instructorids=\"\" data-enablefullwidth=\"\" data-type=\"type8\" data-showdescription=\"\" data-hidelabels=\"true\" data-hidecategory=\"\" data-hideaddtocartbutton=\"true\" data-class=\"one-instructor-carousel\" data-enablecarousel=\"true\" data-carouseleffect=\"\" data-carouselautoplay=\"0\" data-carouselslidesperview=\"3\" data-carouselloopmode=\"true\" data-carouselmousewheelcontrol=\"true\" data-carouselbulletpagination=\"true\" data-carouselarrowpagination=\"false\" data-carouselspacebetween=\"0\"><div class=\"dtlms-courses-swiper-listing\" data-enablecarousel=\"true\" data-carouseleffect=\"\" data-carouselautoplay=\"0\" data-carouselslidesperview=\"3\" data-carouselloopmode=\"true\" data-carouselmousewheelcontrol=\"true\" data-carouselbulletpagination=\"true\" data-carouselarrowpagination=\"false\" data-carouselspacebetween=\"0\"><div class=\"dtlms-courses-listing-containers grid  swiper-wrapper\"><div id=\"dtlms-ajax-load-image\"  style=\"display:none;\">\r\n\t\t\t\t\t<div class=\"dtlms-loader-inner\">\r\n\t\t\t\t\t\t<div class=\"dtlms-loading\"><\/div>\r\n\t\t\t\t\t\t<div class=\"dtlms-pad\">\r\n\t\t\t\t\t\t\t<div class=\"dtlms-line dtlms-line1\"><\/div>\r\n\t\t\t\t\t\t\t<div class=\"dtlms-line dtlms-line2\"><\/div>\r\n\t\t\t\t\t\t\t<div class=\"dtlms-line dtlms-line3\"><\/div>\r\n\t\t\t\t\t\t<\/div>\r\n\t\t\t\t\t<\/div>\r\n\t\t\t\t<\/div><\/div><div class=\"dtlms-swiper-pagination-holder\"><div class=\"dtlms-swiper-bullet-pagination\"><\/div><\/div><\/div><\/div><div id=\"1651701987044-21101c6f-cfb0\" class=\"dt-sc-empty-space\"><\/div>[\/vc_column][\/vc_row][vc_row][vc_column]<div id=\"1544169976394-18ada913-e3c0\" class=\"dt-sc-empty-space\"><\/div>[\/vc_column][\/vc_row][vc_row full_width=\u00bbstretch_row_content_no_spaces\u00bb equal_height=\u00bbyes\u00bb content_placement=\u00bbmiddle\u00bb disable_element=\u00bbyes\u00bb el_class=\u00bbaligncenter dt-sc-dark-bg\u00bb][vc_column width=\u00bb1\/2&#8243; el_class=\u00bbdt-skin-secondary-bg dt-col-md-12 dt-col-sm-12&#8243; css=\u00bb.vc_custom_1546934135103{padding-top: 40px !important;padding-bottom: 40px !important;}\u00bb][vc_row_inner][vc_column_inner el_class=\u00bbdt-col-md-12 dt-col-sm-12&#8243; width=\u00bb1\/3&#8243;][\/vc_column_inner][vc_column_inner el_class=\u00bbdt-col-md-12 dt-col-sm-12&#8243; width=\u00bb2\/3&#8243;][vc_custom_heading text=\u00bbGet the know what is best for you\u00bb font_container=\u00bbtag:p|font_size:20px|text_align:center\u00bb use_theme_fonts=\u00bbyes\u00bb el_class=\u00bbbold-font\u00bb]<a href='#' target='_self' title='' class='dt-sc-button   small     simple-link' data-delay='0' > View Categories <\/a>[\/vc_column_inner][\/vc_row_inner][\/vc_column][vc_column width=\u00bb1\/2&#8243; el_class=\u00bbdt-skin-primary-bg dt-col-md-12 dt-col-sm-12&#8243; css=\u00bb.vc_custom_1546934150099{padding-top: 40px !important;padding-bottom: 40px !important;}\u00bb][vc_row_inner][vc_column_inner el_class=\u00bbdt-col-md-12 dt-col-sm-12&#8243; width=\u00bb2\/3&#8243;][vc_custom_heading text=\u00bbTake a look a the Popular Courses\u00bb font_container=\u00bbtag:p|font_size:20px|text_align:center\u00bb use_theme_fonts=\u00bbyes\u00bb el_class=\u00bbbold-font\u00bb]<a href='#' target='_self' title='' class='dt-sc-button   small     simple-link' data-delay='0' > View Collections <\/a>[\/vc_column_inner][vc_column_inner el_class=\u00bbdt-col-md-12 dt-col-sm-12&#8243; width=\u00bb1\/3&#8243;][\/vc_column_inner][\/vc_row_inner][\/vc_column][\/vc_row][vc_row full_width=\u00bbstretch_row\u00bb disable_element=\u00bbyes\u00bb][vc_column el_class=\u00bbaligncenter\u00bb]<div id=\"1544189151344-1be5e12b-00b2\" class=\"dt-sc-empty-space\"><\/div><h2 class=\"default-title  wpb_animate_when_almost_visible wpb_appear appear\" data-delay='150'>A New Era in Online Education<\/h2>[vc_custom_heading text=\u00bbCase Studies for You\u00bb font_container=\u00bbtag:p|text_align:center\u00bb use_theme_fonts=\u00bbyes\u00bb css_animation=\u00bbappear\u00bb el_class=\u00bbtitle_uppercase\u00bb]<div id=\"1544189191558-0a3f674c-664d\" class=\"dt-sc-empty-space\"><\/div>[\/vc_column][\/vc_row][vc_row full_width=\u00bbstretch_row\u00bb equal_height=\u00bbyes\u00bb content_placement=\u00bbmiddle\u00bb disable_element=\u00bbyes\u00bb bg_type=\u00bbimage\u00bb parallax_style=\u00bbvcpb-default\u00bb bg_image_new=\u00bbid^45|url^https:\/\/educarfuturo.com\/formacion\/wp-content\/uploads\/2018\/12\/fw5.png|caption^null|alt^img|title^fw5|description^null\u00bb bg_image_repeat=\u00bbno-repeat\u00bb bg_image_size=\u00bbinitial\u00bb bg_image_posiiton=\u00bbcenter top\u00bb el_class=\u00bbfw-video-section blinking-bg-section\u00bb css=\u00bb.vc_custom_1651701074633{padding-top: 15px !important;padding-bottom: 75px !important;}\u00bb addstyles=\u00bbbackground-size:initial;\u00bb][vc_column width=\u00bb1\/2&#8243; css_animation=\u00bbfadeInDown\u00bb delay=\u00bb500&#8243; el_class=\u00bbrs_col-sm-12 space-right-small\u00bb][vc_row_inner][vc_column_inner el_class=\u00bbvideo-section\u00bb css=\u00bb.vc_custom_1550654481156{background-image: url(https:\/\/educarfuturo.com\/formacion\/wp-content\/uploads\/2019\/02\/video-img1.jpg?id=19529) !important;background-position: 0 0 !important;background-repeat: no-repeat !important;}\u00bb]<a title='Lightbox Video' target='_blank' href='http:\/\/vimeo.com\/18439821' class='video-image'><span class='far fa-play-circle  video-image' data-delay='0' > <\/span><\/a>[\/vc_column_inner][\/vc_row_inner]<div id=\"1544188789930-2529bd97-e666\" class=\"dt-sc-empty-space\"><\/div><h6 class=\" \" data-delay='0'>eEducation as Interpretation<\/h6>[vc_column_text css=\u00bb.vc_custom_1544188469327{margin-top: -10px !important;}\u00bb]<a class=\"link-text\" href=\"#\">View Case Study<\/a>[\/vc_column_text][\/vc_column][vc_column width=\u00bb1\/2&#8243; css_animation=\u00bbfadeInUp\u00bb delay=\u00bb800&#8243; el_class=\u00bbrs_col-sm-12 space-left-small\u00bb][vc_row_inner][vc_column_inner el_class=\u00bbvideo-section\u00bb css=\u00bb.vc_custom_1550654501543{background-image: url(https:\/\/educarfuturo.com\/formacion\/wp-content\/uploads\/2019\/02\/video-img2.jpg?id=19530) !important;background-position: 0 0 !important;background-repeat: no-repeat !important;}\u00bb]<a title='Lightbox Video' target='_blank' href='http:\/\/vimeo.com\/18439821' class='video-image'><span class='far fa-play-circle  video-image' data-delay='0' > <\/span><\/a>[\/vc_column_inner][\/vc_row_inner]<div id=\"1544188416595-efc2943d-3ee8\" class=\"dt-sc-empty-space\"><\/div><h6 class=\" \" data-delay='0'>Creating a Better study Environment<\/h6>[vc_column_text css=\u00bb.vc_custom_1544188469327{margin-top: -10px !important;}\u00bb]<a class=\"link-text\" href=\"#\">View Case Study<\/a>[\/vc_column_text][\/vc_column][\/vc_row][vc_row full_width=\u00bbstretch_row\u00bb disable_element=\u00bbyes\u00bb bg_type=\u00bbimage\u00bb parallax_style=\u00bbvcpb-vz-jquery\u00bb bg_image_new=\u00bbid^19536|url^https:\/\/educarfuturo.com\/formacion\/wp-content\/uploads\/2019\/02\/doodleimage.jpg|caption^null|alt^null|title^doodleimage|description^null\u00bb bg_image_repeat=\u00bbno-repeat\u00bb css=\u00bb.vc_custom_1662913037090{border-top-width: 1px !important;background-image: url(https:\/\/educarfuturo.com\/formacion\/wp-content\/uploads\/2019\/02\/doodleimage.jpg?id=19536) !important;background-position: center !important;background-repeat: no-repeat !important;background-size: cover !important;border-top-color: rgba(0,0,0,0.1) !important;border-top-style: solid !important;}\u00bb][vc_column css_animation=\u00bbfadeInUp\u00bb el_class=\u00bbaligncenter\u00bb]<div id=\"1544504430139-4b3cb3e1-bb9c\" class=\"dt-sc-empty-space\"><\/div><h2 class=\"default-title bigger-font  wpb_animate_when_almost_visible wpb_appear appear\" data-delay='150'>Inicia a prepararte para el futuro<\/h2>[vc_custom_heading text=\u00bbAprovecha todos los cursos\u00bb font_container=\u00bbtag:p|text_align:center\u00bb use_theme_fonts=\u00bbyes\u00bb css_animation=\u00bbappear\u00bb el_class=\u00bbtitle_uppercase\u00bb]<div id=\"1544504465971-e1117c58-febd\" class=\"dt-sc-empty-space\"><\/div><a href='https:\/\/educarfuturo.com\/formacion\/registro-profesores\/' target='_self' title='Registro profesores' class='dt-sc-button   medium     wpb_animate_when_almost_visible wpb_bounceInUp bounceInUp gradient-button md-size' data-delay='150' > Inscr\u00edbete ahora <\/a><div id=\"1544504511210-53830127-b479\" class=\"dt-sc-empty-space\"><\/div>[\/vc_column][\/vc_row]<\/p>\n","protected":false},"excerpt":{"rendered":"<p>[vc_row][vc_column el_align=\u00bbcenter\u00bb css_animation=\u00bbfadeIn\u00bb delay=\u00bb150&#8243; el_class=\u00bbaligncenter\u00bb][\/vc_column][\/vc_row][vc_row][vc_column width=\u00bb1\/2&#8243;][vc_custom_heading text=\u00bbLa formaci\u00f3n y cualificaci\u00f3n docente\u00bb font_container=\u00bbtag:p|text_align:left\u00bb use_theme_fonts=\u00bbyes\u00bb css_animation=\u00bbappear\u00bb el_class=\u00bbtitle_uppercase\u00bb][vc_empty_space][vc_column_text]Es un reto permanente a trav\u00e9s del cual se busca orientar y explorar diversas estrategias metodol\u00f3gicas y did\u00e1cticas que permitan potenciar y acompa\u00f1ar la pr\u00e1ctica pedag\u00f3gica, a partir del dialogo de saberes y de la reflexi\u00f3n constante sobre las realidades que [&hellip;]<\/p>\n","protected":false},"author":1,"featured_media":0,"parent":0,"menu_order":0,"comment_status":"closed","ping_status":"closed","template":"","meta":{"_bbp_topic_count":0,"_bbp_reply_count":0,"_bbp_total_topic_count":0,"_bbp_total_reply_count":0,"_bbp_voice_count":0,"_bbp_anonymous_reply_count":0,"_bbp_topic_count_hidden":0,"_bbp_reply_count_hidden":0,"_bbp_forum_subforum_count":0},"_links":{"self":[{"href":"https:\/\/educarfuturo.com\/formacion\/wp-json\/wp\/v2\/pages\/8"}],"collection":[{"href":"https:\/\/educarfuturo.com\/formacion\/wp-json\/wp\/v2\/pages"}],"about":[{"href":"https:\/\/educarfuturo.com\/formacion\/wp-json\/wp\/v2\/types\/page"}],"author":[{"embeddable":true,"href":"https:\/\/educarfuturo.com\/formacion\/wp-json\/wp\/v2\/users\/1"}],"replies":[{"embeddable":true,"href":"https:\/\/educarfuturo.com\/formacion\/wp-json\/wp\/v2\/comments?post=8"}],"version-history":[{"count":50,"href":"https:\/\/educarfuturo.com\/formacion\/wp-json\/wp\/v2\/pages\/8\/revisions"}],"predecessor-version":[{"id":21478,"href":"https:\/\/educarfuturo.com\/formacion\/wp-json\/wp\/v2\/pages\/8\/revisions\/21478"}],"wp:attachment":[{"href":"https:\/\/educarfuturo.com\/formacion\/wp-json\/wp\/v2\/media?parent=8"}],"curies":[{"name":"wp","href":"https:\/\/api.w.org\/{rel}","templated":true}]}}